{"id":7322,"date":"2021-05-13T11:42:57","date_gmt":"2021-05-13T09:42:57","guid":{"rendered":"https:\/\/parlemucorsu.corsica\/?page_id=7322"},"modified":"2025-11-10T05:18:06","modified_gmt":"2025-11-10T04:18:06","slug":"accoltu","status":"publish","type":"page","link":"https:\/\/www.parlemucorsu.corsica\/cc\/","title":{"rendered":"Culletivu Parlemu Corsu !"},"content":{"rendered":"<div class=\"wpb-content-wrapper\"><p>[vc_row unlock_row_content=&#8221;yes&#8221; row_height_percent=&#8221;90&#8243; override_padding=&#8221;yes&#8221; h_padding=&#8221;3&#8243; top_padding=&#8221;0&#8243; bottom_padding=&#8221;3&#8243; back_image=&#8221;3109&#8243; overlay_color=&#8221;color-jevc&#8221; overlay_alpha=&#8221;25&#8243; gutter_size=&#8221;2&#8243; column_width_percent=&#8221;100&#8243; shift_y=&#8221;0&#8243; z_index=&#8221;0&#8243; content_parallax=&#8221;0&#8243; uncode_shortcode_id=&#8221;738299&#8243; overlay_color_type=&#8221;uncode-palette&#8221;][vc_column column_width_percent=&#8221;100&#8243; position_vertical=&#8221;bottom&#8221; gutter_size=&#8221;0&#8243; overlay_alpha=&#8221;50&#8243; shift_x=&#8221;0&#8243; shift_y=&#8221;0&#8243; shift_y_down=&#8221;0&#8243; z_index=&#8221;0&#8243; medium_width=&#8221;0&#8243; mobile_width=&#8221;0&#8243; width=&#8221;1\/1&#8243; uncode_shortcode_id=&#8221;934615&#8243;][vc_custom_heading text_color=&#8221;color-xsdn&#8221; heading_semantic=&#8221;h1&#8243; text_font=&#8221;font-193879&#8243; text_size=&#8221;custom&#8221; text_weight=&#8221;700&#8243; text_transform=&#8221;uppercase&#8221; uncode_shortcode_id=&#8221;558974&#8243; text_color_type=&#8221;uncode-palette&#8221; heading_custom_size=&#8221;clamp(40px,5.5vw,80px)&#8221;]Parlemu Corsu ![\/vc_custom_heading][vc_custom_heading text_color=&#8221;color-uydo&#8221; text_font=&#8221;font-193879&#8243; text_size=&#8221;custom&#8221; text_weight=&#8221;700&#8243; uncode_shortcode_id=&#8221;164199&#8243; text_color_type=&#8221;uncode-palette&#8221; heading_custom_size=&#8221;clamp(20px,2.5vw,30px)&#8221;]&#8221;Vulemu ch&#8217;ella campi a lingua corsa&#8221;[\/vc_custom_heading][\/vc_column][\/vc_row][vc_row row_height_percent=&#8221;0&#8243; override_padding=&#8221;yes&#8221; h_padding=&#8221;2&#8243; top_padding=&#8221;3&#8243; bottom_padding=&#8221;3&#8243; back_color=&#8221;color-210407&#8243; overlay_alpha=&#8221;50&#8243; equal_height=&#8221;yes&#8221; gutter_size=&#8221;3&#8243; column_width_percent=&#8221;100&#8243; shift_y=&#8221;0&#8243; z_index=&#8221;0&#8243; content_parallax=&#8221;0&#8243; content_placement=&#8221;middle&#8221; bg_type=&#8221;bg_color&#8221; bg_override=&#8221;full&#8221; bg_color_value=&#8221;#fa5d10&#8243; uncode_shortcode_id=&#8221;130083&#8243; back_color_type=&#8221;uncode-palette&#8221;][vc_column column_width_percent=&#8221;100&#8243; align_horizontal=&#8221;align_center&#8221; gutter_size=&#8221;3&#8243; style=&#8221;dark&#8221; overlay_alpha=&#8221;50&#8243; shift_x=&#8221;0&#8243; shift_y=&#8221;0&#8243; shift_y_down=&#8221;0&#8243; z_index=&#8221;0&#8243; medium_width=&#8221;0&#8243; mobile_width=&#8221;0&#8243; css=&#8221;.vc_custom_1762146131452{padding-top: 0px !important;}&#8221; uncode_shortcode_id=&#8221;309035&#8243;][vc_custom_heading text_color=&#8221;color-xsdn&#8221; text_font=&#8221;font-182508&#8243; text_weight=&#8221;600&#8243; uncode_shortcode_id=&#8221;762785&#8243; text_color_type=&#8221;uncode-palette&#8221;]Attualit\u00e0[\/vc_custom_heading][uncode_index el_id=&#8221;index-119311&#8243; loop=&#8221;size:2|order_by:date|post_type:post|categories:121|taxonomy_count:10&#8243; screen_lg=&#8221;&#8221; screen_md=&#8221;&#8221; screen_sm=&#8221;&#8221; gutter_size=&#8221;3&#8243; post_items=&#8221;media|featured|onpost|original,title,date,link|link|small_size|scale_mobile|default_width|default_outline|Leghje&#8221; single_width=&#8221;6&#8243; single_back_color=&#8221;color-xsdn&#8221; single_overlay_opacity=&#8221;50&#8243; single_padding=&#8221;1&#8243; single_title_family=&#8221;font-193879&#8243; single_title_dimension=&#8221;h4&#8243; uncode_shortcode_id=&#8221;892267&#8243; items=&#8221;eyIxMTU2OV9pIjp7InNpbmdsZV9sYXlvdXRfcG9zdF9pdGVtcyI6Im1lZGlhfGZlYXR1cmVkfG9ucG9zdHxvcmlnaW5hbCx0aXRsZSxkYXRlLGxpbmt8ZGVmYXVsdHxkZWZhdWx0X3NpemV8c2NhbGVfbW9iaWxlfGRlZmF1bHRfd2lkdGh8ZGVmYXVsdF9vdXRsaW5lfExlZ2hqYSJ9fQ==&#8221;][vc_button custom_typo=&#8221;yes&#8221; font_family=&#8221;font-193879&#8243; font_weight=&#8221;600&#8243; border_width=&#8221;0&#8243; uncode_shortcode_id=&#8221;116824&#8243; icon=&#8221;fa fa-plus-square&#8221; link=&#8221;url:https%3A%2F%2Fwww.parlemucorsu.corsica%2Fcc%2Fattualita%2F|title:Attualit%C3%A0&#8243;]Vede di pi\u00f9[\/vc_button][\/vc_column][\/vc_row][vc_row row_height_percent=&#8221;0&#8243; override_padding=&#8221;yes&#8221; h_padding=&#8221;2&#8243; top_padding=&#8221;2&#8243; bottom_padding=&#8221;2&#8243; overlay_alpha=&#8221;50&#8243; equal_height=&#8221;yes&#8221; gutter_size=&#8221;3&#8243; column_width_percent=&#8221;100&#8243; shift_y=&#8221;0&#8243; z_index=&#8221;0&#8243; enable_top_divider=&#8221;default&#8221; top_divider_inv=&#8221;curve-asym-opacity&#8221; shape_top_invert=&#8221;yes&#8221; shape_top_h_use_pixel=&#8221;&#8221; shape_top_height=&#8221;75&#8243; shape_top_color=&#8221;color-210407&#8243; shape_top_opacity=&#8221;100&#8243; shape_top_index=&#8221;0&#8243; content_parallax=&#8221;0&#8243; content_placement=&#8221;middle&#8221; css=&#8221;.vc_custom_1762748214884{padding-top: 80px !important;padding-bottom: 50px !important;}&#8221; uncode_shortcode_id=&#8221;135277&#8243; shape_top_color_type=&#8221;uncode-palette&#8221;][vc_column width=&#8221;2\/3&#8243; css=&#8221;.vc_custom_1560072192480{padding-top: 0px !important;}&#8221;][vc_custom_heading text_weight=&#8221;600&#8243; uncode_shortcode_id=&#8221;214657&#8243;]U culletivu Parlemu Corsu[\/vc_custom_heading][vc_column_text uncode_shortcode_id=&#8221;132708&#8243;]<strong>CH\u00cc VULEMU ?<\/strong><\/p>\n<p>Vulemu cuntribuisce \u00e0 l\u2019elaburazione prugressiva, in Corsica, d\u2019una sucet\u00e0 bislingua (Corsu\/Francese).<\/p>\n<p>&nbsp;<\/p>\n<p><strong>QUAL\u2019 H\u00c8 CH\u00cc CUMPONE U CULLETTIVU ?<\/strong><\/p>\n<p>H\u00e8 una adunita di persone \u00e8 ancu d\u2019associ ch\u00ec si ricunnoscenu in a dimarchja di u Cullettivu.<\/p>\n<p>Oramai s\u00f2 pi\u00f9 di 800 i membri di \u201cPARLEMU CORSU !\u201d : 618 persone, 115 associ \u00e8 112 gruppi culturali o artisti.[\/vc_column_text][\/vc_column][vc_column column_width_percent=&#8221;100&#8243; gutter_size=&#8221;3&#8243; overlay_alpha=&#8221;50&#8243; shift_x=&#8221;0&#8243; shift_y=&#8221;0&#8243; shift_y_down=&#8221;0&#8243; z_index=&#8221;0&#8243; medium_width=&#8221;0&#8243; mobile_width=&#8221;0&#8243; width=&#8221;1\/3&#8243; css=&#8221;.vc_custom_1762069373450{padding-bottom: 30px !important;}&#8221; uncode_shortcode_id=&#8221;699379&#8243;][vc_single_image media=&#8221;11688&#8243; media_width_percent=&#8221;90&#8243; alignment=&#8221;center&#8221; image=&#8221;1195&#8243; img_size=&#8221;1200&#215;800&#8243; css=&#8221;.vc_custom_1604760485089{margin-bottom: 30px !important;}&#8221; uncode_shortcode_id=&#8221;327793&#8243;][\/vc_column][\/vc_row][vc_row row_height_percent=&#8221;0&#8243; override_padding=&#8221;yes&#8221; h_padding=&#8221;2&#8243; top_padding=&#8221;0&#8243; bottom_padding=&#8221;2&#8243; overlay_alpha=&#8221;50&#8243; gutter_size=&#8221;3&#8243; column_width_percent=&#8221;100&#8243; shift_y=&#8221;0&#8243; z_index=&#8221;0&#8243; content_parallax=&#8221;0&#8243; full_width=&#8221;stretch_row&#8221; bg_type=&#8221;bg_color&#8221; bg_color_value=&#8221;#ffffff&#8221; css=&#8221;.vc_custom_1762069448437{padding-bottom: 40px !important;}&#8221; uncode_shortcode_id=&#8221;953121&#8243;][vc_column column_width_percent=&#8221;100&#8243; align_horizontal=&#8221;align_center&#8221; gutter_size=&#8221;3&#8243; style=&#8221;light&#8221; overlay_alpha=&#8221;50&#8243; shift_x=&#8221;0&#8243; shift_y=&#8221;0&#8243; shift_y_down=&#8221;0&#8243; z_index=&#8221;0&#8243; medium_width=&#8221;0&#8243; mobile_width=&#8221;0&#8243; uncode_shortcode_id=&#8221;131396&#8243;][vc_custom_heading text_weight=&#8221;600&#8243; uncode_shortcode_id=&#8221;799015&#8243;]Comu agisce ?[\/vc_custom_heading][vc_row_inner][vc_column_inner width=&#8221;1\/1&#8243;][vc_column_text uncode_shortcode_id=&#8221;139663&#8243;]<\/p>\n<ul>\n<li><strong>F\u00e0 nant\u2019\u00e0 u terrenu<\/strong> <em>(Vede <a class=\"cursor-init\" href=\"https:\/\/www.parlemucorsu.corsica\/cc\/archive\/\">l\u2019Archive<\/a> \u00e8 I\u00a0<a class=\"cursor-init\" href=\"https:\/\/www.parlemucorsu.corsica\/cc\/prugetti\/\">nostri prugetti<\/a>)<\/em>.<br \/>\nCirchemu \u00e0 mustr\u00e0 l\u2019esempiu \u00e8 \u00e0 inghjenn\u00e0 iniziativi in tutta a sucet\u00e0 isulana.<\/li>\n<\/ul>\n<ul>\n<li><strong>Dumand\u00e0 i mezi ghjur\u00ecdichi, umani \u00e8 finanziarii per pud\u00e8 appieg\u00e0 u nostru pianu per a lingua<\/strong> (<em>Vede I nostri 16 pruposte rializate dapoi u 2007 \u00e8 sempre d\u2019attualit\u00e0<\/em>).<br \/>\nCirchemu \u00e0 purt\u00e0 una rivendicazione di modu uriginale, festiva \u00e8 culurita senza esit\u00e0 \u00e0 f\u00e0 in furia colpa di forza p\u00e8 surprende \u00e8 interpill\u00e0 la ghjente.<\/li>\n<\/ul>\n<ul>\n<li><strong>Travagliemu c\u00f9 i ripresintenti di l\u2019altri lingue minuritarie p\u00e8 arricchisce a nostra dimarchja \u00e8 acquist\u00e0 di pi\u00f9 pesu \u00e8 ancu una dimensione internaziunale<\/strong><br \/>\n<em>(Vede a pagina \u201c<a href=\"https:\/\/www.parlemucorsu.corsica\/cc\/lingue-minurate\/\" target=\"_blank\" rel=\"noopener noreferrer\">Lingue minurate<\/a> \u00e8 u \u201c<a class=\"cursor-init\" href=\"https:\/\/www.parlemucorsu.corsica\/wp-content\/uploads\/2025\/11\/protocole-garantie-droits-linguistiques.pdf\" target=\"_blank\" rel=\"noopener noreferrer\">Prutucollu p\u00e8 a garanz\u00eca di i diritti lingu\u00ecstichi\u201d<\/a>).<\/em><\/li>\n<\/ul>\n<p>[\/vc_column_text][\/vc_column_inner][\/vc_row_inner][vc_button button_color=&#8221;color-210407&#8243; border_width=&#8221;0&#8243; link=&#8221;url:https%3A%2F%2Fwww.parlemucorsu.corsica%2Fparlemu-corsu-accueil-corse%2Fcc%2Fpresentazione%2Fe-nostre-16-pruposte%2F|title:E%20nostre%20pruposte&#8221; uncode_shortcode_id=&#8221;117266&#8243; button_color_type=&#8221;uncode-palette&#8221; icon=&#8221;fa fa-document-text&#8221;]E nostre 16 pruposte[\/vc_button][\/vc_column][\/vc_row][vc_row full_width=&#8221;stretch_row&#8221; bg_type=&#8221;bg_color&#8221; bg_color_value=&#8221;#ffffff&#8221; css=&#8221;.vc_custom_1604858259454{padding-bottom: 40px !important;}&#8221;][vc_column column_width_percent=&#8221;100&#8243; align_horizontal=&#8221;align_center&#8221; gutter_size=&#8221;3&#8243; overlay_alpha=&#8221;50&#8243; shift_x=&#8221;0&#8243; shift_y=&#8221;0&#8243; shift_y_down=&#8221;0&#8243; z_index=&#8221;0&#8243; medium_width=&#8221;0&#8243; mobile_width=&#8221;0&#8243; uncode_shortcode_id=&#8221;911294&#8243;][vc_custom_heading text_weight=&#8221;600&#8243; uncode_shortcode_id=&#8221;819805&#8243;]Aderiscenu \u00e0 a nostra dimarchja[\/vc_custom_heading][vc_custom_heading text_color=&#8221;color-jevc&#8221; heading_semantic=&#8221;h3&#8243; text_size=&#8221;h4&#8243; text_weight=&#8221;600&#8243; uncode_shortcode_id=&#8221;100683&#8243; text_color_type=&#8221;uncode-palette&#8221;]Associa, cantadori, studianti\u2026[\/vc_custom_heading][vc_gallery el_id=&#8221;gallery-179009&#8243; isotope_mode=&#8221;fitRows&#8221; medias=&#8221;5747,3648,3597,3180,3417,3402,3606,3642,3852,3519,3438,3447&#8243; style_preset=&#8221;metro&#8221; gutter_size=&#8221;2&#8243; media_items=&#8221;media|nolink|original,icon&#8221; screen_lg=&#8221;1000&#8243; screen_md=&#8221;600&#8243; screen_sm=&#8221;480&#8243; single_width=&#8221;1&#8243; single_height=&#8221;1&#8243; single_overlay_opacity=&#8221;50&#8243; single_padding=&#8221;2&#8243; uncode_shortcode_id=&#8221;210312&#8243;][vc_button custom_typo=&#8221;yes&#8221; font_family=&#8221;font-193879&#8243; font_weight=&#8221;600&#8243; border_width=&#8221;0&#8243; uncode_shortcode_id=&#8221;102758&#8243; icon=&#8221;fa fa-plus-square&#8221; link=&#8221;url:https%3A%2F%2Fwww.parlemucorsu.corsica%2Fcc%2Faccoltu%2Flassoci-impegnati%2F|title:Aderiscenu%20%C3%A0%20a%20nostra%20dimarchja&#8221;]Vede di pi\u00f9[\/vc_button][\/vc_column][\/vc_row][vc_section overlay_alpha=&#8221;50&#8243; content_parallax=&#8221;0&#8243; full_width=&#8221;stretch_row&#8221; css=&#8221;.vc_custom_1604858446244{padding-top: 60px !important;padding-bottom: 60px !important;background-color: #383838 !important;}&#8221; uncode_shortcode_id=&#8221;107381&#8243; back_color_type=&#8221;uncode-solid&#8221; back_color_solid=&#8221;#383838&#8243;][vc_row row_height_percent=&#8221;0&#8243; override_padding=&#8221;yes&#8221; h_padding=&#8221;2&#8243; top_padding=&#8221;3&#8243; bottom_padding=&#8221;0&#8243; overlay_alpha=&#8221;50&#8243; gutter_size=&#8221;3&#8243; column_width_percent=&#8221;100&#8243; shift_y=&#8221;0&#8243; z_index=&#8221;0&#8243; enable_top_divider=&#8221;default&#8221; top_divider_inv=&#8221;curve-asym-opacity&#8221; shape_top_invert=&#8221;yes&#8221; shape_top_h_use_pixel=&#8221;&#8221; shape_top_height=&#8221;50&#8243; shape_top_opacity=&#8221;100&#8243; shape_top_index=&#8221;0&#8243; content_parallax=&#8221;0&#8243; uncode_shortcode_id=&#8221;944710&#8243;][vc_column column_width_percent=&#8221;100&#8243; align_horizontal=&#8221;align_center&#8221; gutter_size=&#8221;2&#8243; style=&#8221;dark&#8221; overlay_alpha=&#8221;50&#8243; shift_x=&#8221;0&#8243; shift_y=&#8221;0&#8243; shift_y_down=&#8221;0&#8243; z_index=&#8221;0&#8243; medium_width=&#8221;0&#8243; mobile_width=&#8221;0&#8243; uncode_shortcode_id=&#8221;547914&#8243;][vc_custom_heading text_weight=&#8221;600&#8243; uncode_shortcode_id=&#8221;111796&#8243;]Video \u00e8 Podcasts[\/vc_custom_heading][\/vc_column][\/vc_row][vc_row row_height_percent=&#8221;0&#8243; override_padding=&#8221;yes&#8221; h_padding=&#8221;2&#8243; top_padding=&#8221;2&#8243; bottom_padding=&#8221;2&#8243; overlay_alpha=&#8221;50&#8243; gutter_size=&#8221;3&#8243; column_width_percent=&#8221;100&#8243; shift_y=&#8221;0&#8243; z_index=&#8221;0&#8243; content_parallax=&#8221;0&#8243; uncode_shortcode_id=&#8221;187235&#8243;][vc_column width=&#8221;1\/3&#8243;][vc_column_text][vc_video link=&#8221;https:\/\/youtu.be\/FuVOodPO3Lk&#8221;][\/vc_column_text][\/vc_column][vc_column width=&#8221;1\/3&#8243;][vc_column_text][vc_video link=&#8221;https:\/\/youtu.be\/zBlnK8XypQw&#8221;][\/vc_column_text][\/vc_column][vc_column width=&#8221;1\/3&#8243;][vc_column_text][vc_video link=&#8221;https:\/\/youtu.be\/8-GI0j879Yg&#8221;][\/vc_column_text][\/vc_column][\/vc_row][vc_row row_height_percent=&#8221;0&#8243; override_padding=&#8221;yes&#8221; h_padding=&#8221;2&#8243; top_padding=&#8221;0&#8243; bottom_padding=&#8221;3&#8243; overlay_alpha=&#8221;50&#8243; gutter_size=&#8221;3&#8243; column_width_percent=&#8221;100&#8243; shift_y=&#8221;0&#8243; z_index=&#8221;0&#8243; enable_bottom_divider=&#8221;default&#8221; bottom_divider_inv=&#8221;curve-asym-opacity&#8221; shape_bottom_invert=&#8221;yes&#8221; shape_bottom_flip=&#8221;yes&#8221; shape_bottom_h_use_pixel=&#8221;&#8221; shape_bottom_height=&#8221;50&#8243; shape_bottom_opacity=&#8221;100&#8243; shape_bottom_index=&#8221;0&#8243; content_parallax=&#8221;0&#8243; uncode_shortcode_id=&#8221;710328&#8243;][vc_column column_width_percent=&#8221;100&#8243; align_horizontal=&#8221;align_center&#8221; gutter_size=&#8221;3&#8243; overlay_alpha=&#8221;50&#8243; shift_x=&#8221;0&#8243; shift_y=&#8221;0&#8243; shift_y_down=&#8221;0&#8243; z_index=&#8221;0&#8243; medium_width=&#8221;0&#8243; mobile_width=&#8221;0&#8243; uncode_shortcode_id=&#8221;334248&#8243;][vc_button custom_typo=&#8221;yes&#8221; font_family=&#8221;font-193879&#8243; font_weight=&#8221;600&#8243; border_width=&#8221;0&#8243; uncode_shortcode_id=&#8221;175993&#8243; icon=&#8221;fa fa-plus-square&#8221; link=&#8221;url:https%3A%2F%2Fwww.parlemucorsu.corsica%2Fcc%2Fvideo-e-podcast%2F|title:Vide%C3%B2%20%C3%A8%20podcasts&#8221;]Vede di pi\u00f9[\/vc_button][\/vc_column][\/vc_row][\/vc_section][vc_row row_height_percent=&#8221;0&#8243; overlay_alpha=&#8221;50&#8243; equal_height=&#8221;yes&#8221; gutter_size=&#8221;3&#8243; column_width_percent=&#8221;100&#8243; shift_y=&#8221;0&#8243; z_index=&#8221;0&#8243; content_parallax=&#8221;0&#8243; css=&#8221;.vc_custom_1762147426820{padding-top: 70px !important;padding-bottom: 80px !important;}&#8221; uncode_shortcode_id=&#8221;827883&#8243;][vc_column column_width_percent=&#8221;100&#8243; align_horizontal=&#8221;align_center&#8221; gutter_size=&#8221;3&#8243; overlay_alpha=&#8221;50&#8243; shift_x=&#8221;0&#8243; shift_y=&#8221;0&#8243; shift_y_down=&#8221;0&#8243; z_index=&#8221;0&#8243; medium_width=&#8221;0&#8243; mobile_width=&#8221;0&#8243; uncode_shortcode_id=&#8221;945712&#8243;][vc_custom_heading text_weight=&#8221;600&#8243; uncode_shortcode_id=&#8221;318680&#8243;]Archive[\/vc_custom_heading][uncode_index el_id=&#8221;index-166447&#8243; loop=&#8221;size:3|order_by:date|post_type:post|categories:62|taxonomy_count:10&#8243; screen_lg=&#8221;&#8221; screen_md=&#8221;&#8221; screen_sm=&#8221;&#8221; gutter_size=&#8221;3&#8243; post_items=&#8221;media|featured|onpost|original,title,link|link|small_size|scale_mobile|default_width|default_outline|Leghje&#8221; images_size=&#8221;four-three&#8221; single_back_color=&#8221;color-gyho&#8221; single_overlay_opacity=&#8221;50&#8243; single_h_align=&#8221;center&#8221; single_padding=&#8221;2&#8243; single_title_family=&#8221;font-193879&#8243; single_title_dimension=&#8221;h4&#8243; single_title_weight=&#8221;700&#8243; single_border=&#8221;yes&#8221; uncode_shortcode_id=&#8221;165714&#8243;][vc_button custom_typo=&#8221;yes&#8221; font_family=&#8221;font-193879&#8243; font_weight=&#8221;600&#8243; border_width=&#8221;0&#8243; uncode_shortcode_id=&#8221;130918&#8243; icon=&#8221;fa fa-plus-square&#8221; link=&#8221;url:https%3A%2F%2Fwww.parlemucorsu.corsica%2Fcc%2Farchive%2F|title:Archivi&#8221;]Vede di pi\u00f9[\/vc_button][\/vc_column][\/vc_row]<\/p>\n<\/div>","protected":false},"excerpt":{"rendered":"<p>[vc_row unlock_row_content=&#8221;yes&#8221; row_height_percent=&#8221;90&#8243; override_padding=&#8221;yes&#8221; h_padding=&#8221;3&#8243; top_padding=&#8221;0&#8243; bottom_padding=&#8221;3&#8243; back_image=&#8221;3109&#8243; overlay_color=&#8221;color-jevc&#8221; overlay_alpha=&#8221;25&#8243; gutter_size=&#8221;2&#8243; column_width_percent=&#8221;100&#8243; shift_y=&#8221;0&#8243; z_index=&#8221;0&#8243; content_parallax=&#8221;0&#8243; uncode_shortcode_id=&#8221;738299&#8243; overlay_color_type=&#8221;uncode-palette&#8221;][vc_column column_width_percent=&#8221;100&#8243; position_vertical=&#8221;bottom&#8221; gutter_size=&#8221;0&#8243; [&hellip;]<\/p>\n","protected":false},"author":4,"featured_media":0,"parent":0,"menu_order":0,"comment_status":"closed","ping_status":"closed","template":"","meta":{"footnotes":""},"class_list":["post-7322","page","type-page","status-publish","hentry"],"yoast_head":"<!-- This site is optimized with the Yoast SEO plugin v27.4 - https:\/\/yoast.com\/product\/yoast-seo-wordpress\/ -->\n<title>Parlemu Corsu | P\u00e0 una sucit\u00e0 bislingua<\/title>\n<meta name=\"description\" content=\"Cullitivu p\u00e0 cuntribu\u00ec \u00e0 l\u2019ilaburazioni prugrissiva d\u2019una sucit\u00e0 bislingua (Corsu\/Francesu) in C\u00f2rsica.\" \/>\n<meta name=\"robots\" content=\"index, follow, max-snippet:-1, max-image-preview:large, max-video-preview:-1\" \/>\n<link rel=\"canonical\" href=\"https:\/\/www.parlemucorsu.corsica\/cc\/\" \/>\n<meta property=\"og:locale\" content=\"en_US\" \/>\n<meta property=\"og:type\" content=\"article\" \/>\n<meta property=\"og:title\" content=\"Parlemu Corsu | P\u00e0 una sucit\u00e0 bislingua\" \/>\n<meta property=\"og:description\" content=\"Cullitivu p\u00e0 cuntribu\u00ec \u00e0 l\u2019ilaburazioni prugrissiva d\u2019una sucit\u00e0 bislingua (Corsu\/Francesu) in C\u00f2rsica.\" \/>\n<meta property=\"og:url\" content=\"https:\/\/www.parlemucorsu.corsica\/cc\/\" \/>\n<meta property=\"og:site_name\" content=\"Parlemu Corsu\" \/>\n<meta property=\"article:publisher\" content=\"https:\/\/www.facebook.com\/cullittivuparlemucorsu\/\" \/>\n<meta property=\"article:modified_time\" content=\"2025-11-10T04:18:06+00:00\" \/>\n<meta name=\"twitter:card\" content=\"summary_large_image\" \/>\n<meta name=\"twitter:site\" content=\"@parlemucorsu\" \/>\n<meta name=\"twitter:label1\" content=\"Est. reading time\" \/>\n\t<meta name=\"twitter:data1\" content=\"4 minutes\" \/>\n<script type=\"application\/ld+json\" class=\"yoast-schema-graph\">{\"@context\":\"https:\\\/\\\/schema.org\",\"@graph\":[{\"@type\":\"WebPage\",\"@id\":\"https:\\\/\\\/www.parlemucorsu.corsica\\\/cc\\\/\",\"url\":\"https:\\\/\\\/www.parlemucorsu.corsica\\\/cc\\\/\",\"name\":\"Parlemu Corsu | P\u00e0 una sucit\u00e0 bislingua\",\"isPartOf\":{\"@id\":\"https:\\\/\\\/www.parlemucorsu.corsica\\\/#website\"},\"datePublished\":\"2021-05-13T09:42:57+00:00\",\"dateModified\":\"2025-11-10T04:18:06+00:00\",\"description\":\"Cullitivu p\u00e0 cuntribu\u00ec \u00e0 l\u2019ilaburazioni prugrissiva d\u2019una sucit\u00e0 bislingua (Corsu\\\/Francesu) in C\u00f2rsica.\",\"breadcrumb\":{\"@id\":\"https:\\\/\\\/www.parlemucorsu.corsica\\\/cc\\\/#breadcrumb\"},\"inLanguage\":\"cc-Cc\",\"potentialAction\":[{\"@type\":\"ReadAction\",\"target\":[\"https:\\\/\\\/www.parlemucorsu.corsica\\\/cc\\\/\"]}]},{\"@type\":\"BreadcrumbList\",\"@id\":\"https:\\\/\\\/www.parlemucorsu.corsica\\\/cc\\\/#breadcrumb\",\"itemListElement\":[{\"@type\":\"ListItem\",\"position\":1,\"name\":\"Accueil\",\"item\":\"https:\\\/\\\/www.parlemucorsu.corsica\\\/cc\\\/\"},{\"@type\":\"ListItem\",\"position\":2,\"name\":\"Culletivu Parlemu Corsu !\"}]},{\"@type\":\"WebSite\",\"@id\":\"https:\\\/\\\/www.parlemucorsu.corsica\\\/#website\",\"url\":\"https:\\\/\\\/www.parlemucorsu.corsica\\\/\",\"name\":\"Parlemu Corsu !\",\"description\":\"\",\"publisher\":{\"@id\":\"https:\\\/\\\/www.parlemucorsu.corsica\\\/#organization\"},\"potentialAction\":[{\"@type\":\"SearchAction\",\"target\":{\"@type\":\"EntryPoint\",\"urlTemplate\":\"https:\\\/\\\/www.parlemucorsu.corsica\\\/?s={search_term_string}\"},\"query-input\":{\"@type\":\"PropertyValueSpecification\",\"valueRequired\":true,\"valueName\":\"search_term_string\"}}],\"inLanguage\":\"cc-Cc\"},{\"@type\":\"Organization\",\"@id\":\"https:\\\/\\\/www.parlemucorsu.corsica\\\/#organization\",\"name\":\"Parlemu Corsu !\",\"url\":\"https:\\\/\\\/www.parlemucorsu.corsica\\\/\",\"logo\":{\"@type\":\"ImageObject\",\"inLanguage\":\"cc-Cc\",\"@id\":\"https:\\\/\\\/www.parlemucorsu.corsica\\\/#\\\/schema\\\/logo\\\/image\\\/\",\"url\":\"https:\\\/\\\/www.parlemucorsu.corsica\\\/wp-content\\\/uploads\\\/2025\\\/10\\\/Logo-Parlemu-Corsu.png\",\"contentUrl\":\"https:\\\/\\\/www.parlemucorsu.corsica\\\/wp-content\\\/uploads\\\/2025\\\/10\\\/Logo-Parlemu-Corsu.png\",\"width\":494,\"height\":579,\"caption\":\"Parlemu Corsu !\"},\"image\":{\"@id\":\"https:\\\/\\\/www.parlemucorsu.corsica\\\/#\\\/schema\\\/logo\\\/image\\\/\"},\"sameAs\":[\"https:\\\/\\\/www.facebook.com\\\/cullittivuparlemucorsu\\\/\",\"https:\\\/\\\/x.com\\\/parlemucorsu\",\"https:\\\/\\\/www.instagram.com\\\/parlemu_corsu\\\/\"]}]}<\/script>\n<!-- \/ Yoast SEO plugin. -->","yoast_head_json":{"title":"Parlemu Corsu | P\u00e0 una sucit\u00e0 bislingua","description":"Cullitivu p\u00e0 cuntribu\u00ec \u00e0 l\u2019ilaburazioni prugrissiva d\u2019una sucit\u00e0 bislingua (Corsu\/Francesu) in C\u00f2rsica.","robots":{"index":"index","follow":"follow","max-snippet":"max-snippet:-1","max-image-preview":"max-image-preview:large","max-video-preview":"max-video-preview:-1"},"canonical":"https:\/\/www.parlemucorsu.corsica\/cc\/","og_locale":"en_US","og_type":"article","og_title":"Parlemu Corsu | P\u00e0 una sucit\u00e0 bislingua","og_description":"Cullitivu p\u00e0 cuntribu\u00ec \u00e0 l\u2019ilaburazioni prugrissiva d\u2019una sucit\u00e0 bislingua (Corsu\/Francesu) in C\u00f2rsica.","og_url":"https:\/\/www.parlemucorsu.corsica\/cc\/","og_site_name":"Parlemu Corsu","article_publisher":"https:\/\/www.facebook.com\/cullittivuparlemucorsu\/","article_modified_time":"2025-11-10T04:18:06+00:00","twitter_card":"summary_large_image","twitter_site":"@parlemucorsu","twitter_misc":{"Est. reading time":"4 minutes"},"schema":{"@context":"https:\/\/schema.org","@graph":[{"@type":"WebPage","@id":"https:\/\/www.parlemucorsu.corsica\/cc\/","url":"https:\/\/www.parlemucorsu.corsica\/cc\/","name":"Parlemu Corsu | P\u00e0 una sucit\u00e0 bislingua","isPartOf":{"@id":"https:\/\/www.parlemucorsu.corsica\/#website"},"datePublished":"2021-05-13T09:42:57+00:00","dateModified":"2025-11-10T04:18:06+00:00","description":"Cullitivu p\u00e0 cuntribu\u00ec \u00e0 l\u2019ilaburazioni prugrissiva d\u2019una sucit\u00e0 bislingua (Corsu\/Francesu) in C\u00f2rsica.","breadcrumb":{"@id":"https:\/\/www.parlemucorsu.corsica\/cc\/#breadcrumb"},"inLanguage":"cc-Cc","potentialAction":[{"@type":"ReadAction","target":["https:\/\/www.parlemucorsu.corsica\/cc\/"]}]},{"@type":"BreadcrumbList","@id":"https:\/\/www.parlemucorsu.corsica\/cc\/#breadcrumb","itemListElement":[{"@type":"ListItem","position":1,"name":"Accueil","item":"https:\/\/www.parlemucorsu.corsica\/cc\/"},{"@type":"ListItem","position":2,"name":"Culletivu Parlemu Corsu !"}]},{"@type":"WebSite","@id":"https:\/\/www.parlemucorsu.corsica\/#website","url":"https:\/\/www.parlemucorsu.corsica\/","name":"Parlemu Corsu !","description":"","publisher":{"@id":"https:\/\/www.parlemucorsu.corsica\/#organization"},"potentialAction":[{"@type":"SearchAction","target":{"@type":"EntryPoint","urlTemplate":"https:\/\/www.parlemucorsu.corsica\/?s={search_term_string}"},"query-input":{"@type":"PropertyValueSpecification","valueRequired":true,"valueName":"search_term_string"}}],"inLanguage":"cc-Cc"},{"@type":"Organization","@id":"https:\/\/www.parlemucorsu.corsica\/#organization","name":"Parlemu Corsu !","url":"https:\/\/www.parlemucorsu.corsica\/","logo":{"@type":"ImageObject","inLanguage":"cc-Cc","@id":"https:\/\/www.parlemucorsu.corsica\/#\/schema\/logo\/image\/","url":"https:\/\/www.parlemucorsu.corsica\/wp-content\/uploads\/2025\/10\/Logo-Parlemu-Corsu.png","contentUrl":"https:\/\/www.parlemucorsu.corsica\/wp-content\/uploads\/2025\/10\/Logo-Parlemu-Corsu.png","width":494,"height":579,"caption":"Parlemu Corsu !"},"image":{"@id":"https:\/\/www.parlemucorsu.corsica\/#\/schema\/logo\/image\/"},"sameAs":["https:\/\/www.facebook.com\/cullittivuparlemucorsu\/","https:\/\/x.com\/parlemucorsu","https:\/\/www.instagram.com\/parlemu_corsu\/"]}]}},"_links":{"self":[{"href":"https:\/\/www.parlemucorsu.corsica\/cc\/wp-json\/wp\/v2\/pages\/7322","targetHints":{"allow":["GET"]}}],"collection":[{"href":"https:\/\/www.parlemucorsu.corsica\/cc\/wp-json\/wp\/v2\/pages"}],"about":[{"href":"https:\/\/www.parlemucorsu.corsica\/cc\/wp-json\/wp\/v2\/types\/page"}],"author":[{"embeddable":true,"href":"https:\/\/www.parlemucorsu.corsica\/cc\/wp-json\/wp\/v2\/users\/4"}],"replies":[{"embeddable":true,"href":"https:\/\/www.parlemucorsu.corsica\/cc\/wp-json\/wp\/v2\/comments?post=7322"}],"version-history":[{"count":0,"href":"https:\/\/www.parlemucorsu.corsica\/cc\/wp-json\/wp\/v2\/pages\/7322\/revisions"}],"wp:attachment":[{"href":"https:\/\/www.parlemucorsu.corsica\/cc\/wp-json\/wp\/v2\/media?parent=7322"}],"curies":[{"name":"wp","href":"https:\/\/api.w.org\/{rel}","templated":true}]}}